{"id":75,"date":"2016-07-30T09:16:33","date_gmt":"2016-07-30T12:16:33","guid":{"rendered":"http:\/\/arquitetocaio.com\/wpcp\/?page_id=75"},"modified":"2018-08-23T22:00:29","modified_gmt":"2018-08-24T01:00:29","slug":"projetos-de-arquitetura-corporativa-empresarial-campinas-limeira","status":"publish","type":"page","link":"http:\/\/arquitetocaio.com\/wpcp\/projetos-de-arquitetura-corporativa-empresarial-campinas-limeira\/","title":{"rendered":"Projetos de Arquitetura Corporativa"},"content":{"rendered":"<h1>Projetos de Arquitetura Corporativa<\/h1>\n<p>Confira aqui Projetos de Arquitetura Corporativa do Escrit\u00f3rio de Arquitetura em Campinas e Limeira do Arquiteto Caio Pelisson<\/p>\n<p><a href=\"http:\/\/www.arquitetocaio.com.br\">Arquiteto Corporativo Caio Pelisson<\/a><\/p>\n<p>Atendemos em todo Brasil e exterior.<\/p>\n<p>entre em contato pelo email contato@arquitetocaio.com ou pelo whatsapp 19 981337909.<\/p>\n<p>confira em nosso portf\u00f3lio mais de 1000 projetos corporativos para empresas modernas de destaque.<\/p>\n<div id=\"attachment_3630\" style=\"width: 694px\" class=\"wp-caption alignnone\"><a class=\"Projetos de Arquitetura Corporativa\" href=\"http:\/\/www.arquitetocaio.com.br\" target=\"_blank\" rel=\"Arquitetura Corporativa Projetos de noopener\"><img loading=\"lazy\" decoding=\"async\" aria-describedby=\"caption-attachment-3630\" class=\"Projetos de Arquitetura Corporativa wp-image-3630 size-medium\" title=\"Projetos de Arquitetura Corporativa\" src=\"http:\/\/arquitetocaio.com\/wpcp\/wp-content\/uploads\/2017\/07\/projeto-design-interiores-corporativo-sala-reuniao-diretoria-moderna-madeira-arquiteto-caio-11-684x684.png\" alt=\"projeto design interiores corporativo sala reuniao diretoria moderna madeira arquiteto caio\" width=\"684\" height=\"684\" \/><\/a><p id=\"caption-attachment-3630\" class=\"wp-caption-text\">projeto design interiores corporativo sala reuni\u00e3o diretoria moderna madeira arquiteto caio<\/p><\/div>\n<p>Nos projetos corporativos o decorador de interiores corporativos empresariais Arquiteto Caio Pelisson, busca realizar a identidade de cada empresa, criando um ambiente de trabalho agrad\u00e1vel e funcional. Atua na concep\u00e7\u00e3o de espa\u00e7os corporativos como escrit\u00f3rios, lojas, hot\u00e9is e consult\u00f3rios. Atrav\u00e9s dos projetos de interiores corporativos, o cliente busca uma moderniza\u00e7\u00e3o do ambiente, uma mudan\u00e7a total e que reflita a personalidade da empresa.<\/p>\n<p>se voce precisa construir ou reformar a sua empresa entao encontrou o profissional certo.<\/p>\n<p><a href=\"http:\/\/www.arquitetocaio.com.br\">Atendemos em todo Brasil.<\/a><\/p>\n","protected":false},"excerpt":{"rendered":"<p>Projetos de Arquitetura Corporativa Confira aqui Projetos de Arquitetura Corporativa do Escrit\u00f3rio de Arquitetura em Campinas e Limeira do Arquiteto Caio Pelisson Arquiteto Corporativo Caio Pelisson Atendemos em todo Brasil e exterior. entre em contato pelo email contato@arquitetocaio.com ou pelo whatsapp 19 981337909. confira em nosso portf\u00f3lio mais de 1000 projetos corporativos para empresas modernas de destaque. Nos projetos corporativos&#8230;<\/p>\n","protected":false},"author":2,"featured_media":0,"parent":0,"menu_order":2,"comment_status":"closed","ping_status":"closed","template":"templ-portfolio-two.php","meta":{"footnotes":""},"_links":{"self":[{"href":"http:\/\/arquitetocaio.com\/wpcp\/wp-json\/wp\/v2\/pages\/75"}],"collection":[{"href":"http:\/\/arquitetocaio.com\/wpcp\/wp-json\/wp\/v2\/pages"}],"about":[{"href":"http:\/\/arquitetocaio.com\/wpcp\/wp-json\/wp\/v2\/types\/page"}],"author":[{"embeddable":true,"href":"http:\/\/arquitetocaio.com\/wpcp\/wp-json\/wp\/v2\/users\/2"}],"replies":[{"embeddable":true,"href":"http:\/\/arquitetocaio.com\/wpcp\/wp-json\/wp\/v2\/comments?post=75"}],"version-history":[{"count":5,"href":"http:\/\/arquitetocaio.com\/wpcp\/wp-json\/wp\/v2\/pages\/75\/revisions"}],"predecessor-version":[{"id":5119,"href":"http:\/\/arquitetocaio.com\/wpcp\/wp-json\/wp\/v2\/pages\/75\/revisions\/5119"}],"wp:attachment":[{"href":"http:\/\/arquitetocaio.com\/wpcp\/wp-json\/wp\/v2\/media?parent=75"}],"curies":[{"name":"wp","href":"https:\/\/api.w.org\/{rel}","templated":true}]}}